{"id":91365,"date":"2024-05-02T11:46:21","date_gmt":"2024-05-02T09:46:21","guid":{"rendered":"https:\/\/gr.spschweiz.ch\/direzione\/"},"modified":"2024-05-22T17:42:31","modified_gmt":"2024-05-22T15:42:31","slug":"direzione","status":"publish","type":"page","link":"https:\/\/sp-gr.ch\/it\/direzione\/","title":{"rendered":"Direzione"},"content":{"rendered":"\t\t<div data-elementor-type=\"wp-page\" data-elementor-id=\"91365\" class=\"elementor elementor-91365 elementor-90421\" data-elementor-post-type=\"page\">\n\t\t\t\t\t\t<section class=\"elementor-section elementor-top-section elementor-element elementor-element-21e3b0d elementor-section-boxed elementor-section-height-default elementor-section-height-default\" data-id=\"21e3b0d\" data-element_type=\"section\" data-settings=\"{&quot;jet_parallax_layout_list&quot;:[],&quot;background_background&quot;:&quot;classic&quot;}\">\n\t\t\t\t\t\t<div class=\"elementor-container elementor-column-gap-wide\">\n\t\t\t\t\t<div class=\"elementor-column elementor-col-100 elementor-top-column elementor-element elementor-element-b9761ff\" data-id=\"b9761ff\" data-element_type=\"column\">\n\t\t\t<div class=\"elementor-widget-wrap elementor-element-populated\">\n\t\t\t\t\t\t<div class=\"elementor-element elementor-element-420d31b elementor-widget elementor-widget-heading\" data-id=\"420d31b\" data-element_type=\"widget\" data-widget_type=\"heading.default\">\n\t\t\t\t<div class=\"elementor-widget-container\">\n\t\t\t\t\t<h1 class=\"elementor-heading-title elementor-size-default\">Direzione<\/h1>\t\t\t\t<\/div>\n\t\t\t\t<\/div>\n\t\t\t\t<div class=\"elementor-element elementor-element-03a913f elementor-widget__width-initial elementor-widget elementor-widget-text-editor\" data-id=\"03a913f\" data-element_type=\"widget\" data-widget_type=\"text-editor.default\">\n\t\t\t\t<div class=\"elementor-widget-container\">\n\t\t\t\t\t\t\t\t\t<p>La direzione \u00e8 l&#8217;organo direttivo del PS Grigioni. \u00c8 composto da 15 membri e si riunisce solitamente una volta al mese.<\/p>\n\t\t\t\t\t\t\t\t<\/div>\n\t\t\t\t<\/div>\n\t\t\t\t\t<\/div>\n\t\t<\/div>\n\t\t\t\t\t<\/div>\n\t\t<\/section>\n\t\t\t\t<section class=\"elementor-section elementor-top-section elementor-element elementor-element-9d579dc elementor-section-boxed elementor-section-height-default elementor-section-height-default\" data-id=\"9d579dc\" data-element_type=\"section\" data-settings=\"{&quot;jet_parallax_layout_list&quot;:[]}\">\n\t\t\t\t\t\t<div class=\"elementor-container elementor-column-gap-default\">\n\t\t\t\t\t<div class=\"elementor-column elementor-col-100 elementor-top-column elementor-element elementor-element-0fd1b83\" data-id=\"0fd1b83\" data-element_type=\"column\">\n\t\t\t<div class=\"elementor-widget-wrap elementor-element-populated\">\n\t\t\t\t\t\t<div class=\"elementor-element elementor-element-b99e240 elementor-widget elementor-widget-spps_person_grid\" data-id=\"b99e240\" data-element_type=\"widget\" data-widget_type=\"spps_person_grid.default\">\n\t\t\t\t<div class=\"elementor-widget-container\">\n\t\t\t\t\t<div class=\"button-list-wrapper \"><div class=\"button-list-container\"><div class=\"persons persons-grid-2\"><div class=\"persons-items\"><div class=\"persons-item\"><div class=\"person-container\"><div class=\"person-portrait\"><a href=\"https:\/\/sp-gr.ch\/it\/person\/lorenzo-baldassarre\/\"><img decoding=\"async\" src=\"https:\/\/sp-gr.ch\/wp-content\/uploads\/2024\/04\/Baldassarre-Lorenzo-1-freigestellt_jv-600x600.jpg?v=1713795239\" alt=\"Lorenzo  Baldassarre\" loading=\"lazy\"><\/a><\/div><div class=\"person-content\"><a href=\"https:\/\/sp-gr.ch\/it\/person\/lorenzo-baldassarre\/\" class=\"person-name\"><p><strong>Lorenzo  Baldassarre<\/strong><\/p><\/a><p class=\"person-position\">Membro di direzione, Cassiere PS Coira<\/p><\/div><\/div><\/div><div class=\"persons-item\"><div class=\"person-container\"><div class=\"person-portrait\"><a href=\"https:\/\/sp-gr.ch\/it\/person\/beatrice-baselgia\/\"><img decoding=\"async\" src=\"https:\/\/sp-gr.ch\/wp-content\/uploads\/2024\/04\/Baselgia_Barbara_web-1-600x600.jpg?v=1713792939\" alt=\"Beatrice Baselgia\" loading=\"lazy\"><\/a><\/div><div class=\"person-content\"><a href=\"https:\/\/sp-gr.ch\/it\/person\/beatrice-baselgia\/\" class=\"person-name\"><p><strong>Beatrice Baselgia<\/strong><\/p><\/a><p class=\"person-position\">Granconsigliera, Presidente della frazione<\/p><\/div><\/div><\/div><div class=\"persons-item\"><div class=\"person-container\"><div class=\"person-portrait\"><a href=\"https:\/\/sp-gr.ch\/it\/person\/giuseppe-falbo\/\"><img decoding=\"async\" src=\"https:\/\/sp-gr.ch\/wp-content\/uploads\/2024\/04\/GiuseppeFalbo-e1680611437748-600x600.jpg?v=1713794756\" alt=\"Giuseppe Falbo\" loading=\"lazy\"><\/a><\/div><div class=\"person-content\"><a href=\"https:\/\/sp-gr.ch\/it\/person\/giuseppe-falbo\/\" class=\"person-name\"><p><strong>Giuseppe Falbo<\/strong><\/p><\/a><p class=\"person-position\">Membro di direzione<\/p><\/div><\/div><\/div><div class=\"persons-item\"><div class=\"person-container\"><div class=\"person-portrait\"><a href=\"https:\/\/sp-gr.ch\/it\/person\/tamara-gianera\/\"><img decoding=\"async\" src=\"https:\/\/sp-gr.ch\/wp-content\/uploads\/2024\/04\/Gianera_Tamara_web-1-600x600.jpg?v=1713794160\" alt=\"Tamara  Gianera\" loading=\"lazy\"><\/a><\/div><div class=\"person-content\"><a href=\"https:\/\/sp-gr.ch\/it\/person\/tamara-gianera\/\" class=\"person-name\"><p><strong>Tamara  Gianera<\/strong><\/p><\/a><p class=\"person-position\">Membro di direzione<\/p><\/div><\/div><\/div><div class=\"persons-item\"><div class=\"person-container\"><div class=\"person-portrait\"><a href=\"https:\/\/sp-gr.ch\/it\/person\/lukas-horrer\/\"><img decoding=\"async\" src=\"https:\/\/sp-gr.ch\/wp-content\/uploads\/2024\/04\/Horrer_Lukas_web-2-600x600.jpg?v=1713793951\" alt=\"Lukas Horrer\" loading=\"lazy\"><\/a><\/div><div class=\"person-content\"><a href=\"https:\/\/sp-gr.ch\/it\/person\/lukas-horrer\/\" class=\"person-name\"><p><strong>Lukas Horrer<\/strong><\/p><\/a><p class=\"person-position\">Vicepresidente PS Grigione<\/p><\/div><\/div><\/div><div class=\"persons-item\"><div class=\"person-container\"><div class=\"person-portrait\"><a href=\"https:\/\/sp-gr.ch\/it\/person\/julia-mueller\/\"><img decoding=\"async\" src=\"https:\/\/sp-gr.ch\/wp-content\/uploads\/2024\/04\/Mueller_Julia_web-1-600x600.jpg?v=1713792607\" alt=\"Julia M\u00fcller\" loading=\"lazy\"><\/a><\/div><div class=\"person-content\"><a href=\"https:\/\/sp-gr.ch\/it\/person\/julia-mueller\/\" class=\"person-name\"><p><strong>Julia M\u00fcller<\/strong><\/p><\/a><p class=\"person-position\">Granconsigliera, Presidente PS Grigioni<\/p><\/div><\/div><\/div><div class=\"persons-item\"><div class=\"person-container\"><div class=\"person-portrait\"><a href=\"https:\/\/sp-gr.ch\/it\/person\/gabriel-nyfeler\/\"><img decoding=\"async\" src=\"https:\/\/sp-gr.ch\/wp-content\/uploads\/2024\/04\/Nyfeler_Gabriel_web-600x600.jpg?v=1713794024\" alt=\"Gabriel Nyfeler\" loading=\"lazy\"><\/a><\/div><div class=\"person-content\"><a href=\"https:\/\/sp-gr.ch\/it\/person\/gabriel-nyfeler\/\" class=\"person-name\"><p><strong>Gabriel Nyfeler<\/strong><\/p><\/a><p class=\"person-position\">Cassiere <\/p><\/div><\/div><\/div><div class=\"persons-item\"><div class=\"person-container\"><div class=\"person-portrait\"><a href=\"https:\/\/sp-gr.ch\/it\/person\/peter-peyer\/\"><img decoding=\"async\" src=\"https:\/\/sp-gr.ch\/wp-content\/uploads\/2024\/05\/2026_Foto-Portrait-copy-1-600x600.jpg?v=1773342718\" alt=\"Peter Peyer\" loading=\"lazy\"><\/a><\/div><div class=\"person-content\"><a href=\"https:\/\/sp-gr.ch\/it\/person\/peter-peyer\/\" class=\"person-name\"><p><strong>Peter Peyer<\/strong><\/p><\/a><p class=\"person-position\">Consigliere di Stato<\/p><\/div><\/div><\/div><div class=\"persons-item\"><div class=\"person-container\"><div class=\"person-portrait\"><a href=\"https:\/\/sp-gr.ch\/it\/person\/franziska-preisig\/\"><img decoding=\"async\" src=\"https:\/\/sp-gr.ch\/wp-content\/uploads\/2024\/04\/Preisig_Franziska_web-1-600x600.jpg?v=1713792683\" alt=\"Franziska Preisig\" loading=\"lazy\"><\/a><\/div><div class=\"person-content\"><a href=\"https:\/\/sp-gr.ch\/it\/person\/franziska-preisig\/\" class=\"person-name\"><p><strong>Franziska Preisig<\/strong><\/p><\/a><p class=\"person-position\">Granconsigliera, Membro di direzione, Copresidente PS Maloja<\/p><\/div><\/div><\/div><div class=\"persons-item\"><div class=\"person-container\"><div class=\"person-portrait\"><a href=\"https:\/\/sp-gr.ch\/it\/person\/jon-pult\/\"><img decoding=\"async\" src=\"https:\/\/sp-gr.ch\/wp-content\/uploads\/2024\/04\/JonPult-scaled-1-600x600.jpg?v=1713793545\" alt=\"Jon  Pult\" loading=\"lazy\"><\/a><\/div><div class=\"person-content\"><a href=\"https:\/\/sp-gr.ch\/it\/person\/jon-pult\/\" class=\"person-name\"><p><strong>Jon  Pult<\/strong><\/p><\/a><p class=\"person-position\">Consiglio Nazionale<\/p><\/div><\/div><\/div><div class=\"persons-item\"><div class=\"person-container\"><div class=\"person-portrait\"><a href=\"https:\/\/sp-gr.ch\/it\/person\/susanne-schmid\/\"><img decoding=\"async\" src=\"https:\/\/sp-gr.ch\/wp-content\/uploads\/2024\/04\/Screenshot-2024-11-13-170856-copy-600x600.jpg?v=1731592658\" alt=\"Susanne  Schmid\" loading=\"lazy\"><\/a><\/div><div class=\"person-content\"><a href=\"https:\/\/sp-gr.ch\/it\/person\/susanne-schmid\/\" class=\"person-name\"><p><strong>Susanne  Schmid<\/strong><\/p><\/a><p class=\"person-position\">Membro di direzione, Copresidente PS Herrschaft\/5 D\u00f6rfer<\/p><\/div><\/div><\/div><div class=\"persons-item\"><div class=\"person-container\"><div class=\"person-portrait\"><a href=\"https:\/\/sp-gr.ch\/it\/person\/seraina-schutz\/\"><img decoding=\"async\" src=\"https:\/\/sp-gr.ch\/wp-content\/uploads\/2024\/04\/Schutz_Seraina_web-copy-600x600.jpg?v=1713795538\" alt=\"Seraina Schutz\" loading=\"lazy\"><\/a><\/div><div class=\"person-content\"><a href=\"https:\/\/sp-gr.ch\/it\/person\/seraina-schutz\/\" class=\"person-name\"><p><strong>Seraina Schutz<\/strong><\/p><\/a><p class=\"person-position\">Membro di direzione, Presidente PS Albula Surses<\/p><\/div><\/div><\/div><div class=\"persons-item\"><div class=\"person-container\"><div class=\"person-portrait\"><a href=\"https:\/\/sp-gr.ch\/it\/person\/andri-schwarz\/\"><img decoding=\"async\" src=\"https:\/\/sp-gr.ch\/wp-content\/uploads\/2024\/04\/WhatsApp-Image-2024-10-19-at-18.23.20-600x600.jpeg?v=1729619862\" alt=\"Andri Schwarz\" loading=\"lazy\"><\/a><\/div><div class=\"person-content\"><a href=\"https:\/\/sp-gr.ch\/it\/person\/andri-schwarz\/\" class=\"person-name\"><p><strong>Andri Schwarz<\/strong><\/p><\/a><p class=\"person-position\">Membro del Comitato cantonale<\/p><\/div><\/div><\/div><div class=\"persons-item\"><div class=\"person-container\"><div class=\"person-portrait\"><a href=\"https:\/\/sp-gr.ch\/it\/person\/davide-vassella\/\"><img decoding=\"async\" src=\"https:\/\/sp-gr.ch\/wp-content\/uploads\/2024\/04\/Vassella_Davide_web-copy-600x600.jpg?v=1713795624\" alt=\"Davide  Vassella\" loading=\"lazy\"><\/a><\/div><div class=\"person-content\"><a href=\"https:\/\/sp-gr.ch\/it\/person\/davide-vassella\/\" class=\"person-name\"><p><strong>Davide  Vassella<\/strong><\/p><\/a><p class=\"person-position\">Membro di direzione, Cassiere PS Val Poschiavo<\/p><\/div><\/div><\/div><div class=\"persons-item\"><div class=\"person-container\"><div class=\"person-portrait\"><a href=\"https:\/\/sp-gr.ch\/it\/person\/joshua-verhoeven\/\"><img decoding=\"async\" src=\"https:\/\/sp-gr.ch\/wp-content\/uploads\/2024\/04\/Joshua-Verhoeven_0090-Edit.jpg?v=1713794517\" alt=\"Joshua Wada\" loading=\"lazy\"><\/a><\/div><div class=\"person-content\"><a href=\"https:\/\/sp-gr.ch\/it\/person\/joshua-verhoeven\/\" class=\"person-name\"><p><strong>Joshua Wada<\/strong><\/p><\/a><p class=\"person-position\">Segretario del partito e della frazione, Presidente PS Davos<\/p><\/div><\/div><\/div><\/div><\/div><\/div><\/div>\t\t\t\t<\/div>\n\t\t\t\t<\/div>\n\t\t\t\t\t<\/div>\n\t\t<\/div>\n\t\t\t\t\t<\/div>\n\t\t<\/section>\n\t\t\t\t<\/div>\n\t\t","protected":false},"excerpt":{"rendered":"<p>Direzione La direzione \u00e8 l&#8217;organo direttivo del PS Grigioni. \u00c8 composto da 15 membri e si riunisce solitamente una volta al mese. Lorenzo Baldassarre Gesch\u00e4ftsleitungsmitglied Beatrice Baselgia Grossr\u00e4tin, Fraktionspr\u00e4sidentin Giuseppe [&hellip;]<\/p>\n","protected":false},"author":13,"featured_media":0,"parent":0,"menu_order":3,"comment_status":"closed","ping_status":"closed","template":"","meta":{"footnotes":""},"class_list":["post-91365","page","type-page","status-publish","hentry"],"_links":{"self":[{"href":"https:\/\/sp-gr.ch\/it\/wp-json\/wp\/v2\/pages\/91365","targetHints":{"allow":["GET"]}}],"collection":[{"href":"https:\/\/sp-gr.ch\/it\/wp-json\/wp\/v2\/pages"}],"about":[{"href":"https:\/\/sp-gr.ch\/it\/wp-json\/wp\/v2\/types\/page"}],"author":[{"embeddable":true,"href":"https:\/\/sp-gr.ch\/it\/wp-json\/wp\/v2\/users\/13"}],"replies":[{"embeddable":true,"href":"https:\/\/sp-gr.ch\/it\/wp-json\/wp\/v2\/comments?post=91365"}],"version-history":[{"count":3,"href":"https:\/\/sp-gr.ch\/it\/wp-json\/wp\/v2\/pages\/91365\/revisions"}],"predecessor-version":[{"id":92574,"href":"https:\/\/sp-gr.ch\/it\/wp-json\/wp\/v2\/pages\/91365\/revisions\/92574"}],"wp:attachment":[{"href":"https:\/\/sp-gr.ch\/it\/wp-json\/wp\/v2\/media?parent=91365"}],"curies":[{"name":"wp","href":"https:\/\/api.w.org\/{rel}","templated":true}]}}